{"id":20692,"date":"2018-03-13T14:54:20","date_gmt":"2018-03-13T13:54:20","guid":{"rendered":"https:\/\/imefy.com\/trabaja-con-nosotros\/"},"modified":"2025-06-05T10:08:50","modified_gmt":"2025-06-05T08:08:50","slug":"arbeite-mit-uns","status":"publish","type":"page","link":"https:\/\/imefy.com\/de\/arbeite-mit-uns\/","title":{"rendered":"Arbeite mit uns"},"content":{"rendered":"<div id=\"contact\" class=\"fusion-container-anchor\"><div class=\"fusion-fullwidth fullwidth-box fusion-builder-row-1 fusion-flex-container hundred-percent-fullwidth non-hundred-percent-height-scrolling\" style=\"--awb-background-position:left top;--awb-border-sizes-top:0px;--awb-border-sizes-bottom:0px;--awb-border-sizes-left:0px;--awb-border-sizes-right:0px;--awb-border-radius-top-left:0px;--awb-border-radius-top-right:0px;--awb-border-radius-bottom-right:0px;--awb-border-radius-bottom-left:0px;--awb-padding-top:0px;--awb-padding-right:0px;--awb-padding-bottom:0px;--awb-padding-left:0px;--awb-flex-wrap:wrap;\" ><div class=\"fusion-builder-row fusion-row fusion-flex-align-items-stretch fusion-flex-content-wrap\" style=\"width:104% !important;max-width:104% !important;margin-left: calc(-4% \/ 2 );margin-right: calc(-4% \/ 2 );\"><div class=\"fusion-layout-column fusion_builder_column fusion-builder-column-0 fusion_builder_column_3_5 3_5 fusion-flex-column\" style=\"--awb-padding-top:100px;--awb-padding-right:10%;--awb-padding-bottom:100px;--awb-padding-left:10%;--awb-bg-size:cover;--awb-width-large:60%;--awb-margin-top-large:0px;--awb-spacing-right-large:3.84%;--awb-margin-bottom-large:0px;--awb-spacing-left-large:3.2%;--awb-width-medium:100%;--awb-spacing-right-medium:1.92%;--awb-spacing-left-medium:1.92%;--awb-width-small:100%;--awb-spacing-right-small:1.92%;--awb-spacing-left-small:1.92%;\"><div class=\"fusion-column-wrapper fusion-flex-justify-content-flex-start fusion-content-layout-column\"><div class=\"fusion-text fusion-text-1\"><h2 style=\"font-weight: 400;\">Respekt und industrielle Berufung<\/h2>\n<\/div><div class=\"fusion-text fusion-text-2\"><p>Der Erfolg von IMEFY S.L. basiert auf dem Respekt f\u00fcr die Menschen, einer starken industriellen Berufung und der Innovationsf\u00e4higkeit unserer Mitarbeiter. Menschen wie Sie, die eines Tages beschlossen haben, mit uns zu arbeiten, um ihr ganzes Potenzial zu entfalten.<\/p>\n<p>Wenn Sie unsere Werte teilen und f\u00e4hig sind, Verantwortung zu \u00fcbernehmen, k\u00f6nnen Sie mit Ihrem Talent unser exzellentes Team bereichern.<\/p>\n<p>F\u00fchlen Sie sich von unsere Unternehmensphilosophie angesprochen?<\/p>\n<\/div><div class=\"fusion-separator fusion-full-width-sep\" style=\"align-self: center;margin-left: auto;margin-right: auto;margin-top:30px;width:100%;\"><\/div>\n<div class=\"wpcf7 no-js\" id=\"wpcf7-f21089-o1\" lang=\"de-DE\" dir=\"ltr\" data-wpcf7-id=\"21089\">\n<div class=\"screen-reader-response\"><p role=\"status\" aria-live=\"polite\" aria-atomic=\"true\"><\/p> <ul><\/ul><\/div>\n<form action=\"\/de\/wp-json\/wp\/v2\/pages\/20692#wpcf7-f21089-o1\" method=\"post\" class=\"wpcf7-form init\" aria-label=\"Kontaktformular\" enctype=\"multipart\/form-data\" novalidate=\"novalidate\" data-status=\"init\">\n<fieldset class=\"hidden-fields-container\"><input type=\"hidden\" name=\"_wpcf7\" value=\"21089\" \/><input type=\"hidden\" name=\"_wpcf7_version\" value=\"6.1.5\" \/><input type=\"hidden\" name=\"_wpcf7_locale\" value=\"de_DE\" \/><input type=\"hidden\" name=\"_wpcf7_unit_tag\" value=\"wpcf7-f21089-o1\" \/><input type=\"hidden\" name=\"_wpcf7_container_post\" value=\"0\" \/><input type=\"hidden\" name=\"_wpcf7_posted_data_hash\" value=\"\" \/><input type=\"hidden\" name=\"_wpcf7cf_hidden_group_fields\" value=\"[]\" \/><input type=\"hidden\" name=\"_wpcf7cf_hidden_groups\" value=\"[]\" \/><input type=\"hidden\" name=\"_wpcf7cf_visible_groups\" value=\"[]\" \/><input type=\"hidden\" name=\"_wpcf7cf_repeaters\" value=\"[]\" \/><input type=\"hidden\" name=\"_wpcf7cf_steps\" value=\"{}\" \/><input type=\"hidden\" name=\"_wpcf7cf_options\" value=\"{&quot;form_id&quot;:21089,&quot;conditions&quot;:[],&quot;settings&quot;:{&quot;animation&quot;:&quot;yes&quot;,&quot;animation_intime&quot;:200,&quot;animation_outtime&quot;:200,&quot;conditions_ui&quot;:&quot;normal&quot;,&quot;notice_dismissed&quot;:false,&quot;notice_dismissed_rollback-cf7-6.1.2&quot;:true}}\" \/><input type=\"hidden\" name=\"_wpcf7_recaptcha_response\" value=\"\" \/>\n<\/fieldset>\n<p><span class=\"wpcf7-form-control-wrap\" data-name=\"your-name\"><input size=\"40\" maxlength=\"400\" class=\"wpcf7-form-control wpcf7-text wpcf7-validates-as-required\" aria-required=\"true\" aria-invalid=\"false\" placeholder=\"IHR NAME *\" value=\"\" type=\"text\" name=\"your-name\" \/><\/span>\n<\/p>\n<p><span class=\"wpcf7-form-control-wrap\" data-name=\"your-email\"><input size=\"40\" maxlength=\"400\" class=\"wpcf7-form-control wpcf7-email wpcf7-validates-as-required wpcf7-text wpcf7-validates-as-email\" aria-required=\"true\" aria-invalid=\"false\" placeholder=\"IHRE EMAIL *\" value=\"\" type=\"email\" name=\"your-email\" \/><\/span>\n<\/p>\n<p><span class=\"wpcf7-form-control-wrap\" data-name=\"your-phone\"><input size=\"40\" maxlength=\"400\" class=\"wpcf7-form-control wpcf7-text\" aria-invalid=\"false\" placeholder=\"IHRE TELEFONNUMMER\" value=\"\" type=\"text\" name=\"your-phone\" \/><\/span>\n<\/p>\n<p><span class=\"wpcf7-form-control-wrap\" data-name=\"menu-102\"><select class=\"wpcf7-form-control wpcf7-select\" aria-invalid=\"false\" name=\"menu-102\"><option value=\"W\u00c4HLEN SIE DIE ABTEILUNG\">W\u00c4HLEN SIE DIE ABTEILUNG<\/option><option value=\"HR\">HR<\/option><\/select><\/span>\n<\/p>\n<p>Ihren Lebenslauf einf\u00fcgen<br \/>\n<span class=\"wpcf7-form-control-wrap\" data-name=\"file-94\"><input size=\"40\" class=\"wpcf7-form-control wpcf7-file wpcf7-validates-as-required\" accept=\".pdf,.doc,.docx\" aria-required=\"true\" aria-invalid=\"false\" type=\"file\" name=\"file-94\" \/><\/span><br \/>\n<span style=\"font-size:0.7em; color:#999\">Erlaubte Dateitypen: pdf, doc, docx<\/span>\n<\/p>\n<p><span class=\"wpcf7-form-control-wrap\" data-name=\"your-message\"><textarea cols=\"40\" rows=\"10\" maxlength=\"2000\" class=\"wpcf7-form-control wpcf7-textarea\" aria-invalid=\"false\" placeholder=\"ERZ\u00c4HLEN SIE UNS ETWAS \u00dcBER SICH SELBST\" name=\"your-message\"><\/textarea><\/span>\n<\/p>\n<p><span class=\"wpcf7-form-control-wrap\" data-name=\"acceptance-380\"><span class=\"wpcf7-form-control wpcf7-acceptance\"><span class=\"wpcf7-list-item\"><label><input type=\"checkbox\" name=\"acceptance-380\" value=\"1\" aria-invalid=\"false\" \/><span class=\"wpcf7-list-item-label\">Ich akzeptiere die <a href=\"https:\/\/imefy.com\/de\/datenschutzpolitik\/\/\"> Datenschutzpolitik <\/a><\/span><\/label><\/span><\/span><\/span>\n<\/p>\n<p><input class=\"wpcf7-form-control wpcf7-submit has-spinner\" type=\"submit\" value=\"SENDEN\" \/>\n<\/p><div class=\"fusion-alert alert custom alert-custom fusion-alert-center wpcf7-response-output fusion-alert-capitalize awb-alert-native-link-color alert-dismissable awb-alert-close-boxed\" style=\"--awb-border-top-left-radius:0px;--awb-border-top-right-radius:0px;--awb-border-bottom-left-radius:0px;--awb-border-bottom-right-radius:0px;\" role=\"alert\"><div class=\"fusion-alert-content-wrapper\"><span class=\"fusion-alert-content\"><\/span><\/div><button type=\"button\" class=\"close toggle-alert\" data-dismiss=\"alert\" aria-label=\"Close\">&times;<\/button><\/div>\n<\/form>\n<\/div>\n<div class=\"fusion-text fusion-text-3\"><div class=\"legal\">\n<table width=\"100%\">\n<caption>Wir empfehlen Ihnen, die folgenden Informationen zu lesen, bevor Sie uns Ihre pers\u00f6nlichen Daten zur Verf\u00fcgung stellen:<\/caption>\n<thead>\n<tr>\n<th colspan=\"2\" align=\"left\"><strong>GRUNDLEGENDE INFORMATIONEN ZUM DATENSCHUTZ <\/strong><\/th>\n<\/tr>\n<\/thead>\n<tbody>\n<tr>\n<td align=\"left\" width=\"150px\"><strong>Verantwortlicher f\u00fcr die Verarbeitung personenbezogener Daten:\u00a0<\/strong><\/td>\n<td align=\"left\">INDUSTRIAS MECANOEL\u00c9CTRICAS FONTECHA Y\u00c9BENES, S.L.<\/td>\n<\/tr>\n<tr>\n<td align=\"left\"><strong>Zweck:\u00a0<\/strong><\/td>\n<td align=\"left\">Management der Personalauswahlprozesse im Unternehmen.<\/td>\n<\/tr>\n<tr>\n<td align=\"left\"><strong>Rechte:\u00a0<\/strong><\/td>\n<td align=\"left\">Gem\u00e4\u00df den gesetzlichen Vorschriften haben Sie das Recht auf Auskunft, Berichtigung und L\u00f6schung von Daten, auf Einschr\u00e4nkung der Datenverarbeitung, auf Widerspruch gegen die Datenverarbeitung und auf Daten\u00fcbertragbarkeit sowie das Recht, dass Entscheidungen, die rechtliche Auswirkungen auf Sie haben oder Sie in \u00e4hnlicher Weise erheblich beeinflussen, nicht allein auf einer automatisierten Verarbeitung Ihrer Daten beruhen.<\/td>\n<\/tr>\n<tr>\n<td align=\"left\"><strong>Zusatzinformationen:\u00a0<\/strong><\/td>\n<td align=\"left\">Zus\u00e4tzliche und detaillierte Informationen zum Datenschutz k\u00f6nnen Sie unter diesem Link einsehen <a href=\"https:\/\/imefy.com\/de\/datenschutzpolitik\/\"><u>link.<\/u><\/a><\/td>\n<\/tr>\n<\/tbody>\n<\/table>\n<\/div>\n<\/div><\/div><\/div><div class=\"fusion-layout-column fusion_builder_column fusion-builder-column-1 fusion_builder_column_2_5 2_5 fusion-flex-column\" style=\"--awb-padding-top:100px;--awb-padding-right:10%;--awb-padding-bottom:100px;--awb-padding-left:10%;--awb-bg-color:#f5f5f5;--awb-bg-color-hover:#f5f5f5;--awb-bg-size:cover;--awb-width-large:40%;--awb-margin-top-large:0px;--awb-spacing-right-large:4.8%;--awb-margin-bottom-large:0px;--awb-spacing-left-large:3.84%;--awb-width-medium:100%;--awb-spacing-right-medium:1.92%;--awb-spacing-left-medium:1.92%;--awb-width-small:100%;--awb-spacing-right-small:1.92%;--awb-spacing-left-small:1.92%;\"><div class=\"fusion-column-wrapper fusion-flex-justify-content-flex-start fusion-content-layout-column\"><div class=\"fusion-text fusion-text-4\"><h4>ANDERE KONTAKTDATEN<\/h4>\n<\/div><div class=\"fusion-separator\" style=\"align-self: flex-start;margin-right:auto;margin-top:0px;margin-bottom:30px;width:100%;max-width:40px;\"><div class=\"fusion-separator-border sep-single sep-solid\" style=\"--awb-height:20px;--awb-amount:20px;--awb-sep-color:#3bafbf;border-color:#3bafbf;border-top-width:2px;\"><\/div><\/div><ul style=\"--awb-size:17px;--awb-line-height:28.9px;--awb-icon-width:28.9px;--awb-icon-height:28.9px;--awb-icon-margin:11.9px;--awb-content-margin:40.8px;--awb-circlecolor:#1a67be;--awb-circle-yes-font-size:14.96px;\" class=\"fusion-checklist fusion-checklist-1 fusion-checklist-default type-icons\"><li class=\"fusion-li-item\" style=\"\"><span class=\"icon-wrapper circle-yes\"><i class=\"fusion-li-icon fa-phone fas\" aria-hidden=\"true\"><\/i><\/span><div class=\"fusion-li-item-content\">\n<p>+34 925 320 300<\/p>\n<\/div><\/li><li class=\"fusion-li-item\" style=\"\"><span class=\"icon-wrapper circle-yes\"><i class=\"fusion-li-icon fa-envelope fas\" aria-hidden=\"true\"><\/i><\/span><div class=\"fusion-li-item-content\">\n<p>imefy@imefy.com<\/p>\n<\/div><\/li><li class=\"fusion-li-item\" style=\"\"><span class=\"icon-wrapper circle-yes\"><i class=\"fusion-li-icon fa-map-marker-alt fas\" aria-hidden=\"true\"><\/i><\/span><div class=\"fusion-li-item-content\">\n<p>Avenida Siglo XXI s\/n<br \/>\n45470 &#8211; Los Y\u00e9benes, Toledo.<br \/>\nSPANIEN<\/p>\n<\/div><\/li><\/ul><div class=\"fusion-separator fusion-full-width-sep\" style=\"align-self: center;margin-left: auto;margin-right: auto;margin-top:50px;width:100%;\"><\/div><div class=\"fusion-text fusion-text-5\"><h4>B\u00dcROSTUNDEN<\/h4>\n<\/div><div class=\"fusion-separator\" style=\"align-self: flex-start;margin-right:auto;margin-top:0px;margin-bottom:30px;width:100%;max-width:40px;\"><div class=\"fusion-separator-border sep-single sep-solid\" style=\"--awb-height:20px;--awb-amount:20px;--awb-sep-color:#3bafbf;border-color:#3bafbf;border-top-width:2px;\"><\/div><\/div><div class=\"fusion-text fusion-text-6\"><div class=\"table-2\">\n<table width=\"100%\">\n<tbody>\n<tr>\n<td style=\"text-align: left;\">Montag &#8211; Freitag<\/td>\n<td style=\"text-align: right;\">7:00 &#8211; 15:00<\/td>\n<\/tr>\n<\/tbody>\n<\/table>\n<\/div>\n<\/div><div class=\"fusion-separator fusion-full-width-sep\" style=\"align-self: center;margin-left: auto;margin-right: auto;margin-top:50px;width:100%;\"><\/div><div class=\"fusion-text fusion-text-7\"><h4>RUHETAGE IM JAHR 2025<\/h4>\n<\/div><div class=\"fusion-separator\" style=\"align-self: flex-start;margin-right:auto;margin-top:0px;margin-bottom:30px;width:100%;max-width:40px;\"><div class=\"fusion-separator-border sep-single sep-solid\" style=\"--awb-height:20px;--awb-amount:20px;--awb-sep-color:#3bafbf;border-color:#3bafbf;border-top-width:2px;\"><\/div><\/div><div class=\"fusion-text fusion-text-8\"><div class=\"table-2\">\n<table width=\"100%\">\n<tbody>\n<tr>\n<td style=\"text-align: left;\">januar<\/td>\n<td style=\"text-align: right;\">1 und 6<\/td>\n<\/tr>\n<tr>\n<td style=\"text-align: left;\">februar<\/td>\n<td style=\"text-align: right;\">3<\/td>\n<\/tr>\n<tr>\n<td style=\"text-align: left;\">april<\/td>\n<td style=\"text-align: right;\">17 und 18<\/td>\n<\/tr>\n<tr>\n<td style=\"text-align: left;\">kann<\/td>\n<td style=\"text-align: right;\">1, 2 und 31<\/td>\n<\/tr>\n<tr>\n<td style=\"text-align: left;\">juni<\/td>\n<td style=\"text-align: right;\">19 und 20<\/td>\n<\/tr>\n<tr>\n<td style=\"text-align: left;\">august<\/td>\n<td style=\"text-align: right;\">von 11 bis 15 und von 18 bis 22<\/td>\n<\/tr>\n<tr>\n<td style=\"text-align: left;\">september<\/td>\n<td style=\"text-align: right;\">11 und 12<\/td>\n<\/tr>\n<tr>\n<td style=\"text-align: left;\">dezember<\/td>\n<td style=\"text-align: right;\">6, 8, von 24 und 26 und von 29 bis 31<\/td>\n<\/tr>\n<\/tbody>\n<\/table>\n<\/div>\n<\/div><div class=\"fusion-separator fusion-full-width-sep\" style=\"align-self: center;margin-left: auto;margin-right: auto;margin-top:50px;width:100%;\"><\/div><div class=\"fusion-text fusion-text-9\"><h4>LAGE<\/h4>\n<\/div><div class=\"fusion-separator\" style=\"align-self: flex-start;margin-right:auto;margin-top:0px;margin-bottom:30px;width:100%;max-width:40px;\"><div class=\"fusion-separator-border sep-single sep-solid\" style=\"--awb-height:20px;--awb-amount:20px;--awb-sep-color:#3bafbf;border-color:#3bafbf;border-top-width:2px;\"><\/div><\/div>\t\t\t\t\t<script type=\"text\/javascript\">\n\t\t\t\t\t\tvar map_fusion_map_69ef907c4e63d;\n\t\t\t\t\t\tvar markers = [];\n\t\t\t\t\t\tvar counter = 0;\n\t\t\t\t\t\t\t\t\t\t\t\t\t\t\t\t\t\t\t\tvar fusionMapNonce = '04400533fd';\n\t\t\t\t\t\t\t\t\t\t\t\tfunction fusion_run_map_fusion_map_69ef907c4e63d() {\n\t\t\t\t\t\t\tjQuery ('#fusion_map_69ef907c4e63d' ).fusion_maps( {\n\t\t\t\t\t\t\t\taddresses: [{\"address\":\"39.572039,-3.860642\",\"infobox_content\":\"\",\"coordinates\":true,\"latitude\":\"39.572039\",\"longitude\":\"-3.860642\",\"cache\":true,\"geocoded_address\":\"Plaza Industrial la Ca\\u00f1ada, 57, 45470 Los Y\\u00e9benes, Toledo, Espa\\u00f1a\"}],\n\t\t\t\t\t\t\t\tanimations: false,\n\t\t\t\t\t\t\t\tinfobox_background_color: '',\n\t\t\t\t\t\t\t\tinfobox_styling: 'default',\n\t\t\t\t\t\t\t\tinfobox_text_color: '',\n\t\t\t\t\t\t\t\tmap_style: 'default',\n\t\t\t\t\t\t\t\tmap_type: 'roadmap',\n\t\t\t\t\t\t\t\tmarker_icon: '',\n\t\t\t\t\t\t\t\toverlay_color: '',\n\t\t\t\t\t\t\t\toverlay_color_hsl: {\"hue\":0,\"sat\":0,\"lum\":100},\n\t\t\t\t\t\t\t\tshow_address: false,\n\t\t\t\t\t\t\t\tscale_control: false,\n\t\t\t\t\t\t\t\tscrollwheel: true,\n\t\t\t\t\t\t\t\tzoom: 15,\n\t\t\t\t\t\t\t\tzoom_control: true,\n\t\t\t\t\t\t\t} );\n\t\t\t\t\t\t}\n\n\t\t\t\t\t\tgoogle.maps.event.addDomListener(window, 'load', fusion_run_map_fusion_map_69ef907c4e63d);\n\t\t\t\t\t<\/script>\n\t\t\t\t\t<div class=\"shortcode-map fusion-google-map fusion-maps-js-type\" id=\"fusion_map_69ef907c4e63d\"><\/div><\/div><\/div><\/div><\/div><\/div>\n","protected":false},"excerpt":{"rendered":"","protected":false},"author":10,"featured_media":0,"parent":0,"menu_order":0,"comment_status":"closed","ping_status":"closed","template":"100-width.php","meta":{"footnotes":""},"class_list":["post-20692","page","type-page","status-publish","hentry"],"yoast_head":"<!-- This site is optimized with the Yoast SEO Premium plugin v27.4 (Yoast SEO v27.4) - https:\/\/yoast.com\/product\/yoast-seo-premium-wordpress\/ -->\n<title>Arbeite mit uns - IMEFY<\/title>\n<meta name=\"robots\" content=\"index, follow, max-snippet:-1, max-image-preview:large, max-video-preview:-1\" \/>\n<link rel=\"canonical\" href=\"https:\/\/imefy.com\/de\/arbeite-mit-uns\/\" \/>\n<meta property=\"og:locale\" content=\"de_DE\" \/>\n<meta property=\"og:type\" content=\"article\" \/>\n<meta property=\"og:title\" content=\"Arbeite mit uns\" \/>\n<meta property=\"og:url\" content=\"https:\/\/imefy.com\/de\/arbeite-mit-uns\/\" \/>\n<meta property=\"og:site_name\" content=\"IMEFY\" \/>\n<meta property=\"article:publisher\" content=\"https:\/\/www.facebook.com\/pages\/Imefy-Group\/852590684780185\" \/>\n<meta property=\"article:modified_time\" content=\"2025-06-05T08:08:50+00:00\" \/>\n<meta name=\"twitter:card\" content=\"summary_large_image\" \/>\n<meta name=\"twitter:site\" content=\"@imefygroup\" \/>\n<meta name=\"twitter:label1\" content=\"Gesch\u00e4tzte Lesezeit\" \/>\n\t<meta name=\"twitter:data1\" content=\"2\u00a0Minuten\" \/>\n<script type=\"application\/ld+json\" class=\"yoast-schema-graph\">{\"@context\":\"https:\\\/\\\/schema.org\",\"@graph\":[{\"@type\":\"WebPage\",\"@id\":\"https:\\\/\\\/imefy.com\\\/de\\\/arbeite-mit-uns\\\/\",\"url\":\"https:\\\/\\\/imefy.com\\\/de\\\/arbeite-mit-uns\\\/\",\"name\":\"Arbeite mit uns - IMEFY\",\"isPartOf\":{\"@id\":\"\\\/#website\"},\"datePublished\":\"2018-03-13T13:54:20+00:00\",\"dateModified\":\"2025-06-05T08:08:50+00:00\",\"breadcrumb\":{\"@id\":\"https:\\\/\\\/imefy.com\\\/de\\\/arbeite-mit-uns\\\/#breadcrumb\"},\"inLanguage\":\"de\",\"potentialAction\":[{\"@type\":\"ReadAction\",\"target\":[\"https:\\\/\\\/imefy.com\\\/de\\\/arbeite-mit-uns\\\/\"]}]},{\"@type\":\"BreadcrumbList\",\"@id\":\"https:\\\/\\\/imefy.com\\\/de\\\/arbeite-mit-uns\\\/#breadcrumb\",\"itemListElement\":[{\"@type\":\"ListItem\",\"position\":1,\"name\":\"Portada\",\"item\":\"https:\\\/\\\/imefy.com\\\/de\\\/\"},{\"@type\":\"ListItem\",\"position\":2,\"name\":\"Arbeite mit uns\"}]},{\"@type\":\"WebSite\",\"@id\":\"\\\/#website\",\"url\":\"\\\/\",\"name\":\"IMEFY\",\"description\":\"Fabricaci\u00f3n de transformadores de distribuci\u00f3n y potencia\",\"potentialAction\":[{\"@type\":\"SearchAction\",\"target\":{\"@type\":\"EntryPoint\",\"urlTemplate\":\"\\\/?s={search_term_string}\"},\"query-input\":{\"@type\":\"PropertyValueSpecification\",\"valueRequired\":true,\"valueName\":\"search_term_string\"}}],\"inLanguage\":\"de\"}]}<\/script>\n<!-- \/ Yoast SEO Premium plugin. -->","yoast_head_json":{"title":"Arbeite mit uns - IMEFY","robots":{"index":"index","follow":"follow","max-snippet":"max-snippet:-1","max-image-preview":"max-image-preview:large","max-video-preview":"max-video-preview:-1"},"canonical":"https:\/\/imefy.com\/de\/arbeite-mit-uns\/","og_locale":"de_DE","og_type":"article","og_title":"Arbeite mit uns","og_url":"https:\/\/imefy.com\/de\/arbeite-mit-uns\/","og_site_name":"IMEFY","article_publisher":"https:\/\/www.facebook.com\/pages\/Imefy-Group\/852590684780185","article_modified_time":"2025-06-05T08:08:50+00:00","twitter_card":"summary_large_image","twitter_site":"@imefygroup","twitter_misc":{"Gesch\u00e4tzte Lesezeit":"2\u00a0Minuten"},"schema":{"@context":"https:\/\/schema.org","@graph":[{"@type":"WebPage","@id":"https:\/\/imefy.com\/de\/arbeite-mit-uns\/","url":"https:\/\/imefy.com\/de\/arbeite-mit-uns\/","name":"Arbeite mit uns - IMEFY","isPartOf":{"@id":"\/#website"},"datePublished":"2018-03-13T13:54:20+00:00","dateModified":"2025-06-05T08:08:50+00:00","breadcrumb":{"@id":"https:\/\/imefy.com\/de\/arbeite-mit-uns\/#breadcrumb"},"inLanguage":"de","potentialAction":[{"@type":"ReadAction","target":["https:\/\/imefy.com\/de\/arbeite-mit-uns\/"]}]},{"@type":"BreadcrumbList","@id":"https:\/\/imefy.com\/de\/arbeite-mit-uns\/#breadcrumb","itemListElement":[{"@type":"ListItem","position":1,"name":"Portada","item":"https:\/\/imefy.com\/de\/"},{"@type":"ListItem","position":2,"name":"Arbeite mit uns"}]},{"@type":"WebSite","@id":"\/#website","url":"\/","name":"IMEFY","description":"Fabricaci\u00f3n de transformadores de distribuci\u00f3n y potencia","potentialAction":[{"@type":"SearchAction","target":{"@type":"EntryPoint","urlTemplate":"\/?s={search_term_string}"},"query-input":{"@type":"PropertyValueSpecification","valueRequired":true,"valueName":"search_term_string"}}],"inLanguage":"de"}]}},"_links":{"self":[{"href":"https:\/\/imefy.com\/de\/wp-json\/wp\/v2\/pages\/20692","targetHints":{"allow":["GET"]}}],"collection":[{"href":"https:\/\/imefy.com\/de\/wp-json\/wp\/v2\/pages"}],"about":[{"href":"https:\/\/imefy.com\/de\/wp-json\/wp\/v2\/types\/page"}],"author":[{"embeddable":true,"href":"https:\/\/imefy.com\/de\/wp-json\/wp\/v2\/users\/10"}],"replies":[{"embeddable":true,"href":"https:\/\/imefy.com\/de\/wp-json\/wp\/v2\/comments?post=20692"}],"version-history":[{"count":2,"href":"https:\/\/imefy.com\/de\/wp-json\/wp\/v2\/pages\/20692\/revisions"}],"predecessor-version":[{"id":31915,"href":"https:\/\/imefy.com\/de\/wp-json\/wp\/v2\/pages\/20692\/revisions\/31915"}],"wp:attachment":[{"href":"https:\/\/imefy.com\/de\/wp-json\/wp\/v2\/media?parent=20692"}],"curies":[{"name":"wp","href":"https:\/\/api.w.org\/{rel}","templated":true}]}}