{"id":20782,"date":"2020-05-27T14:40:33","date_gmt":"2020-05-27T12:40:33","guid":{"rendered":"https:\/\/imefy.com\/responsabilidad-social-corporativa\/"},"modified":"2020-08-25T14:53:18","modified_gmt":"2020-08-25T12:53:18","slug":"soziale-verantwortung-von-unternehmen","status":"publish","type":"page","link":"https:\/\/imefy.com\/de\/soziale-verantwortung-von-unternehmen\/","title":{"rendered":"Soziale Verantwortung von Unternehmen"},"content":{"rendered":"<div class=\"fusion-fullwidth fullwidth-box fusion-builder-row-1 fusion-flex-container hundred-percent-fullwidth non-hundred-percent-height-scrolling\" style=\"--awb-border-radius-top-left:0px;--awb-border-radius-top-right:0px;--awb-border-radius-bottom-right:0px;--awb-border-radius-bottom-left:0px;--awb-overflow:visible;--awb-flex-wrap:wrap;\" ><div class=\"fusion-builder-row fusion-row fusion-flex-align-items-flex-start fusion-flex-content-wrap\" style=\"width:104% !important;max-width:104% !important;margin-left: calc(-4% \/ 2 );margin-right: calc(-4% \/ 2 );\"><div class=\"fusion-layout-column fusion_builder_column fusion-builder-column-0 fusion_builder_column_1_1 1_1 fusion-flex-column fusion-flex-align-self-flex-start fusion-column-no-min-height\" style=\"--awb-bg-size:cover;--awb-width-large:100%;--awb-margin-top-large:0px;--awb-spacing-right-large:1.92%;--awb-margin-bottom-large:0px;--awb-spacing-left-large:1.92%;--awb-width-medium:100%;--awb-spacing-right-medium:1.92%;--awb-spacing-left-medium:1.92%;--awb-width-small:100%;--awb-spacing-right-small:1.92%;--awb-spacing-left-small:1.92%;\"><div class=\"fusion-column-wrapper fusion-flex-justify-content-center fusion-content-layout-column\"><div class=\"fusion-builder-row fusion-builder-row-inner fusion-row fusion-flex-align-items-flex-start fusion-flex-content-wrap\" style=\"--awb-flex-grow:0;--awb-flex-grow-medium:0;--awb-flex-grow-small:0;--awb-flex-shrink:0;--awb-flex-shrink-medium:0;--awb-flex-shrink-small:0;width:104% !important;max-width:104% !important;margin-left: calc(-4% \/ 2 );margin-right: calc(-4% \/ 2 );\"><div class=\"fusion-layout-column fusion_builder_column_inner fusion-builder-nested-column-0 fusion_builder_column_inner_1_4 1_4 fusion-flex-column\" style=\"--awb-bg-size:cover;--awb-width-large:25%;--awb-margin-top-large:0px;--awb-spacing-right-large:7.68%;--awb-margin-bottom-large:30px;--awb-spacing-left-large:7.68%;--awb-width-medium:100%;--awb-spacing-right-medium:1.92%;--awb-spacing-left-medium:1.92%;--awb-width-small:100%;--awb-spacing-right-small:1.92%;--awb-spacing-left-small:1.92%;\"><div class=\"fusion-column-wrapper fusion-column-has-shadow fusion-flex-justify-content-flex-start fusion-content-layout-column\"><div class=\"fusion-image-element \" style=\"--awb-max-width:250px;--awb-caption-title-font-family:var(--h2_typography-font-family);--awb-caption-title-font-weight:var(--h2_typography-font-weight);--awb-caption-title-font-style:var(--h2_typography-font-style);--awb-caption-title-size:var(--h2_typography-font-size);--awb-caption-title-transform:var(--h2_typography-text-transform);--awb-caption-title-line-height:var(--h2_typography-line-height);--awb-caption-title-letter-spacing:var(--h2_typography-letter-spacing);\"><span class=\" fusion-imageframe imageframe-none imageframe-1 hover-type-none\"><img loading=\"lazy\" decoding=\"async\" width=\"401\" height=\"447\" title=\"IMEFY Group &#8211; RSC\" src=\"https:\/\/imefy.com\/wp-content\/uploads\/2020\/05\/rsc.jpg\" alt class=\"img-responsive wp-image-20783\" srcset=\"https:\/\/imefy.com\/wp-content\/uploads\/2020\/05\/rsc-200x223.jpg 200w, https:\/\/imefy.com\/wp-content\/uploads\/2020\/05\/rsc.jpg 401w\" sizes=\"auto, (max-width: 1024px) 100vw, (max-width: 640px) 100vw, 401px\" \/><\/span><\/div><\/div><\/div><div class=\"fusion-layout-column fusion_builder_column_inner fusion-builder-nested-column-1 fusion_builder_column_inner_3_4 3_4 fusion-flex-column\" style=\"--awb-bg-size:cover;--awb-width-large:75%;--awb-margin-top-large:0px;--awb-spacing-right-large:2.56%;--awb-margin-bottom-large:30px;--awb-spacing-left-large:2.56%;--awb-width-medium:100%;--awb-spacing-right-medium:1.92%;--awb-spacing-left-medium:1.92%;--awb-width-small:100%;--awb-spacing-right-small:1.92%;--awb-spacing-left-small:1.92%;\"><div class=\"fusion-column-wrapper fusion-column-has-shadow fusion-flex-justify-content-flex-start fusion-content-layout-column\"><div class=\"fusion-text fusion-text-1\"><p>Die <strong>IMEFY Group<\/strong> legt Wert auf die Initiative zur sozialen Verantwortung, die eine solide Selbstverpflichtung schafft und damit ein grundlegendes Element des Wettbewerbsfaktors garantiert, indem sie das Unternehmen mit der Gesellschaft und seiner Umwelt verbindet.<\/p>\n<p>Mit diesem Ideal wollen wir zur Erreichung der verschiedenen Ziele f\u00fcr eine nachhaltige Entwicklung beitragen, und zwar durch das Engagement der Personen, die der Gruppe angeh\u00f6ren, auf der Grundlage ihrer Erfahrung und Professionalit\u00e4t, unterst\u00fctzt durch die neuesten technologischen Fortschritte im Bereich der industriellen Elektrizit\u00e4t.<\/p>\n<p><strong>IMEFY Group<\/strong>, leistet einen aktiven Beitrag zu ihrer sozialen Verantwortung, indem sie mit verschiedenen Nichtregierungsorganisationen und Stiftungen zusammenarbeitet und den Sport im Rahmen von popul\u00e4ren Wettl\u00e4ufen unterst\u00fctzt.<\/p>\n<\/div><\/div><\/div><\/div><div class=\"fusion-title title fusion-title-1 fusion-sep-none fusion-title-center fusion-title-text fusion-title-size-three\" style=\"--awb-margin-top-small:0px;--awb-margin-right-small:0px;--awb-margin-bottom-small:20px;--awb-margin-left-small:0px;\"><h3 class=\"fusion-title-heading title-heading-center fusion-responsive-typography-calculated\" style=\"margin:0;--fontSize:22;line-height:1.2;\"><h3 style=\"text-align: center;\">NACHRICHTEN<\/h3><\/h3><\/div><div class=\"fusion-blog-shortcode fusion-blog-shortcode-1 fusion-blog-archive fusion-blog-layout-grid-wrapper fusion-blog-infinite\"><style type=\"text\/css\">.fusion-blog-shortcode-1 .fusion-blog-layout-grid .fusion-post-grid{padding:20px;}.fusion-blog-shortcode-1 .fusion-posts-container{margin-left: -20px !important; margin-right:-20px !important;}<\/style><div class=\"fusion-posts-container fusion-posts-container-infinite fusion-blog-rollover fusion-blog-layout-grid fusion-blog-layout-grid-3 isotope fusion-blog-equal-heights\" data-pages=\"7\" data-grid-col-space=\"40\" style=\"margin: -20px -20px 0;min-height:500px;\"><article id=\"blog-1-post-34958\" class=\"fusion-post-grid post-34958 post type-post status-publish format-standard has-post-thumbnail hentry category-2026-de category-csr-de\">\n<div class=\"fusion-post-wrapper\" style=\"background-color:rgba(255,255,255,1);border:1px solid #ebeaea;border-bottom-width:3px;\">\n\n\t\t\t<div class=\"fusion-flexslider flexslider fusion-flexslider-loading fusion-post-slideshow\" style=\"border-color:#ebeaea;\">\n\t\t<ul class=\"slides\">\n\t\t\t\n\t\t\t\t\t\t\t\t\t\t\t\t\t\t<li><div  class=\"fusion-image-wrapper\" aria-haspopup=\"true\">\n\t\t\t\t<img loading=\"lazy\" decoding=\"async\" width=\"1671\" height=\"940\" src=\"https:\/\/imefy.com\/wp-content\/uploads\/2026\/04\/acuerdo-imefy-apat.png\" class=\"attachment-full size-full wp-post-image\" alt=\"Imefy refuerza su compromiso social firmando un acuerdo de colaboraci\u00f3n con APAT Toledo\" srcset=\"https:\/\/imefy.com\/wp-content\/uploads\/2026\/04\/acuerdo-imefy-apat-400x225.png 400w, https:\/\/imefy.com\/wp-content\/uploads\/2026\/04\/acuerdo-imefy-apat-600x338.png 600w, https:\/\/imefy.com\/wp-content\/uploads\/2026\/04\/acuerdo-imefy-apat-800x450.png 800w, https:\/\/imefy.com\/wp-content\/uploads\/2026\/04\/acuerdo-imefy-apat-1200x675.png 1200w, https:\/\/imefy.com\/wp-content\/uploads\/2026\/04\/acuerdo-imefy-apat.png 1671w\" sizes=\"auto, (min-width: 2200px) 100vw, (min-width: 824px) 363px, (min-width: 732px) 545px, (min-width: 640px) 732px, \" \/><div class=\"fusion-rollover\">\n\t<div class=\"fusion-rollover-content\">\n\n\t\t\t\t\t\t\t\t\t\t\t\t\t\t<a class=\"fusion-rollover-link\" href=\"https:\/\/imefy.com\/de\/zwischen-acuerdo-imefy-apat-toledo-autismus\/\">IMEFY bekr\u00e4ftigt sein soziales Engagement durch eine Kooperationsvereinbarung mit APAT Toledo<\/a>\n\t\t\t\n\t\t\t\t\t\t\t\t\t\t\t\t\t\t\n\t\t\t\t\t\t\t\t\n\t\t\t\t\t\t\t\t\t\t\t\t\t<div class=\"fusion-rollover-sep\"><\/div>\n\t\t\t\t\n\t\t\t\t\t\t\t\t\t\t\t\t\t\t\t\t\t\t<a class=\"fusion-rollover-gallery\" href=\"https:\/\/imefy.com\/wp-content\/uploads\/2026\/04\/acuerdo-imefy-apat.png\" data-options=\"\" data-id=\"34958\" data-rel=\"iLightbox[gallery]\" data-title=\"acuerdo-imefy-apat\" data-caption=\"\">\n\t\t\t\t\t\tGallery\t\t\t\t\t<\/a>\n\t\t\t\t\t\t\t\t\t\t\t\t\t\t\n\t\t\n\t\t\t\t\t\t\t\t\n\t\t\t\t\t\t\t\t\n\t\t\n\t\t\t\t\t\t<a class=\"fusion-link-wrapper\" href=\"https:\/\/imefy.com\/de\/zwischen-acuerdo-imefy-apat-toledo-autismus\/\" aria-label=\"IMEFY bekr\u00e4ftigt sein soziales Engagement durch eine Kooperationsvereinbarung mit APAT Toledo\"><\/a>\n\t<\/div>\n<\/div>\n<\/div>\n<\/li>\n\t\t\t\n\t\t\t\n\t\t\t\t\t\t\t\t<\/ul>\n\t<\/div>\n\t<div class=\"fusion-post-content-wrapper\" style=\"padding:10px 15px 0px 15px;\"><div class=\"fusion-post-content post-content\"><h2 class=\"blog-shortcode-post-title entry-title\"><a href=\"https:\/\/imefy.com\/de\/zwischen-acuerdo-imefy-apat-toledo-autismus\/\">IMEFY bekr\u00e4ftigt sein soziales Engagement durch eine Kooperationsvereinbarung mit APAT Toledo<\/a><\/h2><p class=\"fusion-single-line-meta\"><span class=\"vcard\" style=\"display: none;\"><span class=\"fn\"><a href=\"https:\/\/imefy.com\/de\/author\/mlopez\/\" title=\"Beitr\u00e4ge von mlopez\" rel=\"author\">mlopez<\/a><\/span><\/span><span class=\"updated\" style=\"display:none;\">2026-04-08T11:17:29+02:00<\/span><span>Mittwoch, 8 April, 2026<\/span><span class=\"fusion-inline-sep\">|<\/span><\/p><\/div><\/div><div class=\"fusion-clearfix\"><\/div><\/div>\n<\/article>\n<article id=\"blog-1-post-34935\" class=\"fusion-post-grid post-34935 post type-post status-publish format-standard has-post-thumbnail hentry category-2026-de category-csr-de\">\n<div class=\"fusion-post-wrapper\" style=\"background-color:rgba(255,255,255,1);border:1px solid #ebeaea;border-bottom-width:3px;\">\n\n\t\t\t<div class=\"fusion-flexslider flexslider fusion-flexslider-loading fusion-post-slideshow\" style=\"border-color:#ebeaea;\">\n\t\t<ul class=\"slides\">\n\t\t\t\n\t\t\t\t\t\t\t\t\t\t\t\t\t\t<li><div  class=\"fusion-image-wrapper\" aria-haspopup=\"true\">\n\t\t\t\t<img loading=\"lazy\" decoding=\"async\" width=\"1200\" height=\"630\" src=\"https:\/\/imefy.com\/wp-content\/uploads\/2026\/03\/imefy-zona-5-liga-regular-playoffs.jpg\" class=\"attachment-full size-full wp-post-image\" alt=\"El IMEFY ZONA 5 TOLEDO concluye la Liga Regular consolid\u00e1ndose en Primera Nacional\" srcset=\"https:\/\/imefy.com\/wp-content\/uploads\/2026\/03\/imefy-zona-5-liga-regular-playoffs-400x210.jpg 400w, https:\/\/imefy.com\/wp-content\/uploads\/2026\/03\/imefy-zona-5-liga-regular-playoffs-600x315.jpg 600w, https:\/\/imefy.com\/wp-content\/uploads\/2026\/03\/imefy-zona-5-liga-regular-playoffs-800x420.jpg 800w, https:\/\/imefy.com\/wp-content\/uploads\/2026\/03\/imefy-zona-5-liga-regular-playoffs.jpg 1200w\" sizes=\"auto, (min-width: 2200px) 100vw, (min-width: 824px) 363px, (min-width: 732px) 545px, (min-width: 640px) 732px, \" \/><div class=\"fusion-rollover\">\n\t<div class=\"fusion-rollover-content\">\n\n\t\t\t\t\t\t\t\t\t\t\t\t\t\t<a class=\"fusion-rollover-link\" href=\"https:\/\/imefy.com\/de\/imefy-zone-5-toledo-erste-liga-playoffs\/\">Der IMEFY ZONA 5 TOLEDO beendet die regul\u00e4re Saison und festigt seinen Platz in der Primera Nacional<\/a>\n\t\t\t\n\t\t\t\t\t\t\t\t\t\t\t\t\t\t\n\t\t\t\t\t\t\t\t\n\t\t\t\t\t\t\t\t\t\t\t\t\t<div class=\"fusion-rollover-sep\"><\/div>\n\t\t\t\t\n\t\t\t\t\t\t\t\t\t\t\t\t\t\t\t\t\t\t<a class=\"fusion-rollover-gallery\" href=\"https:\/\/imefy.com\/wp-content\/uploads\/2026\/03\/imefy-zona-5-liga-regular-playoffs.jpg\" data-options=\"\" data-id=\"34935\" data-rel=\"iLightbox[gallery]\" data-title=\"imefy-zona-5-liga-regular-playoffs\" data-caption=\"\">\n\t\t\t\t\t\tGallery\t\t\t\t\t<\/a>\n\t\t\t\t\t\t\t\t\t\t\t\t\t\t\n\t\t\n\t\t\t\t\t\t\t\t\n\t\t\t\t\t\t\t\t\n\t\t\n\t\t\t\t\t\t<a class=\"fusion-link-wrapper\" href=\"https:\/\/imefy.com\/de\/imefy-zone-5-toledo-erste-liga-playoffs\/\" aria-label=\"Der IMEFY ZONA 5 TOLEDO beendet die regul\u00e4re Saison und festigt seinen Platz in der Primera Nacional\"><\/a>\n\t<\/div>\n<\/div>\n<\/div>\n<\/li>\n\t\t\t\n\t\t\t\n\t\t\t\t\t\t\t\t<\/ul>\n\t<\/div>\n\t<div class=\"fusion-post-content-wrapper\" style=\"padding:10px 15px 0px 15px;\"><div class=\"fusion-post-content post-content\"><h2 class=\"blog-shortcode-post-title entry-title\"><a href=\"https:\/\/imefy.com\/de\/imefy-zone-5-toledo-erste-liga-playoffs\/\">Der IMEFY ZONA 5 TOLEDO beendet die regul\u00e4re Saison und festigt seinen Platz in der Primera Nacional<\/a><\/h2><p class=\"fusion-single-line-meta\"><span class=\"vcard\" style=\"display: none;\"><span class=\"fn\"><a href=\"https:\/\/imefy.com\/de\/author\/mlopez\/\" title=\"Beitr\u00e4ge von mlopez\" rel=\"author\">mlopez<\/a><\/span><\/span><span class=\"updated\" style=\"display:none;\">2026-03-31T10:11:28+02:00<\/span><span>Dienstag, 31 M\u00e4rz, 2026<\/span><span class=\"fusion-inline-sep\">|<\/span><\/p><\/div><\/div><div class=\"fusion-clearfix\"><\/div><\/div>\n<\/article>\n<article id=\"blog-1-post-34707\" class=\"fusion-post-grid post-34707 post type-post status-publish format-standard has-post-thumbnail hentry category-csr-de\">\n<div class=\"fusion-post-wrapper\" style=\"background-color:rgba(255,255,255,1);border:1px solid #ebeaea;border-bottom-width:3px;\">\n\n\t\t\t<div class=\"fusion-flexslider flexslider fusion-flexslider-loading fusion-post-slideshow\" style=\"border-color:#ebeaea;\">\n\t\t<ul class=\"slides\">\n\t\t\t\n\t\t\t\t\t\t\t\t\t\t\t\t\t\t<li><div  class=\"fusion-image-wrapper\" aria-haspopup=\"true\">\n\t\t\t\t<img loading=\"lazy\" decoding=\"async\" width=\"1200\" height=\"630\" src=\"https:\/\/imefy.com\/wp-content\/uploads\/2025\/03\/becas-colegio-imefy.png\" class=\"attachment-full size-full wp-post-image\" alt=\"imefy-becas-alumnos\" srcset=\"https:\/\/imefy.com\/wp-content\/uploads\/2025\/03\/becas-colegio-imefy-400x210.png 400w, https:\/\/imefy.com\/wp-content\/uploads\/2025\/03\/becas-colegio-imefy-600x315.png 600w, https:\/\/imefy.com\/wp-content\/uploads\/2025\/03\/becas-colegio-imefy-800x420.png 800w, https:\/\/imefy.com\/wp-content\/uploads\/2025\/03\/becas-colegio-imefy.png 1200w\" sizes=\"auto, (min-width: 2200px) 100vw, (min-width: 824px) 363px, (min-width: 732px) 545px, (min-width: 640px) 732px, \" \/><div class=\"fusion-rollover\">\n\t<div class=\"fusion-rollover-content\">\n\n\t\t\t\t\t\t\t\t\t\t\t\t\t\t<a class=\"fusion-rollover-link\" href=\"https:\/\/imefy.com\/de\/gianluigi-sigaudi-stipendien-imefy-foerdert-akademische-talente\/\">IMEFY erneuert sein Engagement f\u00fcr die Hochschulbildung mit neuen Gianluigi Sigaudi Stipendien<\/a>\n\t\t\t\n\t\t\t\t\t\t\t\t\t\t\t\t\t\t\n\t\t\t\t\t\t\t\t\n\t\t\t\t\t\t\t\t\t\t\t\t\t<div class=\"fusion-rollover-sep\"><\/div>\n\t\t\t\t\n\t\t\t\t\t\t\t\t\t\t\t\t\t\t\t\t\t\t<a class=\"fusion-rollover-gallery\" href=\"https:\/\/imefy.com\/wp-content\/uploads\/2025\/03\/becas-colegio-imefy.png\" data-options=\"\" data-id=\"34707\" data-rel=\"iLightbox[gallery]\" data-title=\"becas-colegio-imefy\" data-caption=\"\">\n\t\t\t\t\t\tGallery\t\t\t\t\t<\/a>\n\t\t\t\t\t\t\t\t\t\t\t\t\t\t\n\t\t\n\t\t\t\t\t\t\t\t\n\t\t\t\t\t\t\t\t\n\t\t\n\t\t\t\t\t\t<a class=\"fusion-link-wrapper\" href=\"https:\/\/imefy.com\/de\/gianluigi-sigaudi-stipendien-imefy-foerdert-akademische-talente\/\" aria-label=\"IMEFY erneuert sein Engagement f\u00fcr die Hochschulbildung mit neuen Gianluigi Sigaudi Stipendien\"><\/a>\n\t<\/div>\n<\/div>\n<\/div>\n<\/li>\n\t\t\t\n\t\t\t\n\t\t\t\t\t\t\t\t<\/ul>\n\t<\/div>\n\t<div class=\"fusion-post-content-wrapper\" style=\"padding:10px 15px 0px 15px;\"><div class=\"fusion-post-content post-content\"><h2 class=\"blog-shortcode-post-title entry-title\"><a href=\"https:\/\/imefy.com\/de\/gianluigi-sigaudi-stipendien-imefy-foerdert-akademische-talente\/\">IMEFY erneuert sein Engagement f\u00fcr die Hochschulbildung mit neuen Gianluigi Sigaudi Stipendien<\/a><\/h2><p class=\"fusion-single-line-meta\"><span class=\"vcard\" style=\"display: none;\"><span class=\"fn\"><a href=\"https:\/\/imefy.com\/de\/author\/nsanchez\/\" title=\"Beitr\u00e4ge von Noelia S\u00e1nchez\" rel=\"author\">Noelia S\u00e1nchez<\/a><\/span><\/span><span class=\"updated\" style=\"display:none;\">2026-02-24T12:41:08+01:00<\/span><span>Freitag, 20 Februar, 2026<\/span><span class=\"fusion-inline-sep\">|<\/span><\/p><\/div><\/div><div class=\"fusion-clearfix\"><\/div><\/div>\n<\/article>\n<div class=\"fusion-clearfix\"><\/div><\/div><div class=\"fusion-infinite-scroll-trigger\"><\/div><div class=\"pagination infinite-scroll clearfix\" style=\"display:none;\"><span class=\"current\">1<\/span><a href=\"https:\/\/imefy.com\/de\/wp-json\/wp\/v2\/pages\/20782\/page\/2\/\" class=\"inactive\">2<\/a><a class=\"pagination-next\" rel=\"next\" href=\"https:\/\/imefy.com\/de\/wp-json\/wp\/v2\/pages\/20782\/page\/2\/\"><span class=\"page-text\">Weiter<\/span><span class=\"page-next\"><\/span><\/a><\/div><div class=\"fusion-clearfix\"><\/div><\/div><\/div><\/div><\/div><\/div>\n","protected":false},"excerpt":{"rendered":"","protected":false},"author":10,"featured_media":0,"parent":0,"menu_order":12,"comment_status":"closed","ping_status":"closed","template":"","meta":{"footnotes":""},"class_list":["post-20782","page","type-page","status-publish","hentry"],"yoast_head":"<!-- This site is optimized with the Yoast SEO Premium plugin v27.4 (Yoast SEO v27.4) - https:\/\/yoast.com\/product\/yoast-seo-premium-wordpress\/ -->\n<title>Soziale Verantwortung von Unternehmen - IMEFY<\/title>\n<meta name=\"description\" content=\"IMEFY contribuye activamente en su responsabilidad social corporativa, colaborando con distintas ONG\u00b4s y fundaciones, adem\u00e1s de apoyar el deporte mediante carreras populares.\" \/>\n<meta name=\"robots\" content=\"index, follow, max-snippet:-1, max-image-preview:large, max-video-preview:-1\" \/>\n<link rel=\"canonical\" href=\"https:\/\/imefy.com\/de\/soziale-verantwortung-von-unternehmen\/\" \/>\n<meta property=\"og:locale\" content=\"de_DE\" \/>\n<meta property=\"og:type\" content=\"article\" \/>\n<meta property=\"og:title\" content=\"Soziale Verantwortung von Unternehmen\" \/>\n<meta property=\"og:description\" content=\"IMEFY contribuye activamente en su responsabilidad social corporativa, colaborando con distintas ONG\u00b4s y fundaciones, adem\u00e1s de apoyar el deporte mediante carreras populares.\" \/>\n<meta property=\"og:url\" content=\"https:\/\/imefy.com\/de\/soziale-verantwortung-von-unternehmen\/\" \/>\n<meta property=\"og:site_name\" content=\"IMEFY\" \/>\n<meta property=\"article:publisher\" content=\"https:\/\/www.facebook.com\/pages\/Imefy-Group\/852590684780185\" \/>\n<meta property=\"article:modified_time\" content=\"2020-08-25T12:53:18+00:00\" \/>\n<meta name=\"twitter:card\" content=\"summary_large_image\" \/>\n<meta name=\"twitter:site\" content=\"@imefygroup\" \/>\n<meta name=\"twitter:label1\" content=\"Gesch\u00e4tzte Lesezeit\" \/>\n\t<meta name=\"twitter:data1\" content=\"5\u00a0Minuten\" \/>\n<script type=\"application\/ld+json\" class=\"yoast-schema-graph\">{\"@context\":\"https:\\\/\\\/schema.org\",\"@graph\":[{\"@type\":\"WebPage\",\"@id\":\"https:\\\/\\\/imefy.com\\\/de\\\/soziale-verantwortung-von-unternehmen\\\/\",\"url\":\"https:\\\/\\\/imefy.com\\\/de\\\/soziale-verantwortung-von-unternehmen\\\/\",\"name\":\"Soziale Verantwortung von Unternehmen - IMEFY\",\"isPartOf\":{\"@id\":\"\\\/#website\"},\"datePublished\":\"2020-05-27T12:40:33+00:00\",\"dateModified\":\"2020-08-25T12:53:18+00:00\",\"description\":\"IMEFY contribuye activamente en su responsabilidad social corporativa, colaborando con distintas ONG\u00b4s y fundaciones, adem\u00e1s de apoyar el deporte mediante carreras populares.\",\"breadcrumb\":{\"@id\":\"https:\\\/\\\/imefy.com\\\/de\\\/soziale-verantwortung-von-unternehmen\\\/#breadcrumb\"},\"inLanguage\":\"de\",\"potentialAction\":[{\"@type\":\"ReadAction\",\"target\":[\"https:\\\/\\\/imefy.com\\\/de\\\/soziale-verantwortung-von-unternehmen\\\/\"]}]},{\"@type\":\"BreadcrumbList\",\"@id\":\"https:\\\/\\\/imefy.com\\\/de\\\/soziale-verantwortung-von-unternehmen\\\/#breadcrumb\",\"itemListElement\":[{\"@type\":\"ListItem\",\"position\":1,\"name\":\"Portada\",\"item\":\"https:\\\/\\\/imefy.com\\\/de\\\/\"},{\"@type\":\"ListItem\",\"position\":2,\"name\":\"Soziale Verantwortung von Unternehmen\"}]},{\"@type\":\"WebSite\",\"@id\":\"\\\/#website\",\"url\":\"\\\/\",\"name\":\"IMEFY\",\"description\":\"Fabricaci\u00f3n de transformadores de distribuci\u00f3n y potencia\",\"potentialAction\":[{\"@type\":\"SearchAction\",\"target\":{\"@type\":\"EntryPoint\",\"urlTemplate\":\"\\\/?s={search_term_string}\"},\"query-input\":{\"@type\":\"PropertyValueSpecification\",\"valueRequired\":true,\"valueName\":\"search_term_string\"}}],\"inLanguage\":\"de\"}]}<\/script>\n<!-- \/ Yoast SEO Premium plugin. -->","yoast_head_json":{"title":"Soziale Verantwortung von Unternehmen - IMEFY","description":"IMEFY contribuye activamente en su responsabilidad social corporativa, colaborando con distintas ONG\u00b4s y fundaciones, adem\u00e1s de apoyar el deporte mediante carreras populares.","robots":{"index":"index","follow":"follow","max-snippet":"max-snippet:-1","max-image-preview":"max-image-preview:large","max-video-preview":"max-video-preview:-1"},"canonical":"https:\/\/imefy.com\/de\/soziale-verantwortung-von-unternehmen\/","og_locale":"de_DE","og_type":"article","og_title":"Soziale Verantwortung von Unternehmen","og_description":"IMEFY contribuye activamente en su responsabilidad social corporativa, colaborando con distintas ONG\u00b4s y fundaciones, adem\u00e1s de apoyar el deporte mediante carreras populares.","og_url":"https:\/\/imefy.com\/de\/soziale-verantwortung-von-unternehmen\/","og_site_name":"IMEFY","article_publisher":"https:\/\/www.facebook.com\/pages\/Imefy-Group\/852590684780185","article_modified_time":"2020-08-25T12:53:18+00:00","twitter_card":"summary_large_image","twitter_site":"@imefygroup","twitter_misc":{"Gesch\u00e4tzte Lesezeit":"5\u00a0Minuten"},"schema":{"@context":"https:\/\/schema.org","@graph":[{"@type":"WebPage","@id":"https:\/\/imefy.com\/de\/soziale-verantwortung-von-unternehmen\/","url":"https:\/\/imefy.com\/de\/soziale-verantwortung-von-unternehmen\/","name":"Soziale Verantwortung von Unternehmen - IMEFY","isPartOf":{"@id":"\/#website"},"datePublished":"2020-05-27T12:40:33+00:00","dateModified":"2020-08-25T12:53:18+00:00","description":"IMEFY contribuye activamente en su responsabilidad social corporativa, colaborando con distintas ONG\u00b4s y fundaciones, adem\u00e1s de apoyar el deporte mediante carreras populares.","breadcrumb":{"@id":"https:\/\/imefy.com\/de\/soziale-verantwortung-von-unternehmen\/#breadcrumb"},"inLanguage":"de","potentialAction":[{"@type":"ReadAction","target":["https:\/\/imefy.com\/de\/soziale-verantwortung-von-unternehmen\/"]}]},{"@type":"BreadcrumbList","@id":"https:\/\/imefy.com\/de\/soziale-verantwortung-von-unternehmen\/#breadcrumb","itemListElement":[{"@type":"ListItem","position":1,"name":"Portada","item":"https:\/\/imefy.com\/de\/"},{"@type":"ListItem","position":2,"name":"Soziale Verantwortung von Unternehmen"}]},{"@type":"WebSite","@id":"\/#website","url":"\/","name":"IMEFY","description":"Fabricaci\u00f3n de transformadores de distribuci\u00f3n y potencia","potentialAction":[{"@type":"SearchAction","target":{"@type":"EntryPoint","urlTemplate":"\/?s={search_term_string}"},"query-input":{"@type":"PropertyValueSpecification","valueRequired":true,"valueName":"search_term_string"}}],"inLanguage":"de"}]}},"_links":{"self":[{"href":"https:\/\/imefy.com\/de\/wp-json\/wp\/v2\/pages\/20782","targetHints":{"allow":["GET"]}}],"collection":[{"href":"https:\/\/imefy.com\/de\/wp-json\/wp\/v2\/pages"}],"about":[{"href":"https:\/\/imefy.com\/de\/wp-json\/wp\/v2\/types\/page"}],"author":[{"embeddable":true,"href":"https:\/\/imefy.com\/de\/wp-json\/wp\/v2\/users\/10"}],"replies":[{"embeddable":true,"href":"https:\/\/imefy.com\/de\/wp-json\/wp\/v2\/comments?post=20782"}],"version-history":[{"count":0,"href":"https:\/\/imefy.com\/de\/wp-json\/wp\/v2\/pages\/20782\/revisions"}],"wp:attachment":[{"href":"https:\/\/imefy.com\/de\/wp-json\/wp\/v2\/media?parent=20782"}],"curies":[{"name":"wp","href":"https:\/\/api.w.org\/{rel}","templated":true}]}}