{"id":16809,"date":"2019-10-10T10:52:17","date_gmt":"2019-10-10T08:52:17","guid":{"rendered":"http:\/\/yiyyqlf.cluster028.hosting.ovh.net\/politica-de-proteccion-de-datos\/"},"modified":"2020-08-25T14:34:10","modified_gmt":"2020-08-25T12:34:10","slug":"polityka-ochrony-danych","status":"publish","type":"page","link":"https:\/\/imefy.com\/pl\/polityka-ochrony-danych\/","title":{"rendered":"POLITYKA OCHRONY DANYCH"},"content":{"rendered":"<div class=\"fusion-fullwidth fullwidth-box fusion-builder-row-1 fusion-flex-container nonhundred-percent-fullwidth non-hundred-percent-height-scrolling\" style=\"--awb-background-position:left top;--awb-border-sizes-top:0px;--awb-border-sizes-bottom:0px;--awb-border-sizes-left:0px;--awb-border-sizes-right:0px;--awb-border-radius-top-left:0px;--awb-border-radius-top-right:0px;--awb-border-radius-bottom-right:0px;--awb-border-radius-bottom-left:0px;--awb-padding-top:60px;--awb-padding-bottom:100px;--awb-flex-wrap:wrap;\" ><div class=\"fusion-builder-row fusion-row fusion-flex-align-items-stretch fusion-flex-content-wrap\" style=\"max-width:calc( 1170px + 0px );margin-left: calc(-0px \/ 2 );margin-right: calc(-0px \/ 2 );\"><div class=\"fusion-layout-column fusion_builder_column fusion-builder-column-0 fusion_builder_column_1_1 1_1 fusion-flex-column\" style=\"--awb-padding-top:40px;--awb-padding-right:40px;--awb-padding-bottom:40px;--awb-padding-left:40px;--awb-bg-color:#ffffff;--awb-bg-color-hover:#ffffff;--awb-bg-size:cover;--awb-border-color:#dddddd;--awb-border-top:1px;--awb-border-right:1px;--awb-border-bottom:1px;--awb-border-left:1px;--awb-border-style:solid;--awb-width-large:100%;--awb-margin-top-large:0px;--awb-spacing-right-large:0px;--awb-margin-bottom-large:30px;--awb-spacing-left-large:0px;--awb-width-medium:100%;--awb-spacing-right-medium:0px;--awb-spacing-left-medium:0px;--awb-width-small:100%;--awb-spacing-right-small:0px;--awb-spacing-left-small:0px;\"><div class=\"fusion-column-wrapper fusion-flex-justify-content-flex-start fusion-content-layout-column\"><div class=\"fusion-text fusion-text-1\"><p>IMEFY S.L. dostosowa\u0142 t\u0119 stron\u0119 internetow\u0105 do wymog\u00f3w Ustawy Organicznej 15\/1999 z 13 grudnia o ochronie danych osobowych (LOPD) oraz Dekretu Kr\u00f3lewskiego 1720\/2007 z 21 grudnia, znanego jako Rozporz\u0105dzenie w sprawie rozwoju LOPD. Jest r\u00f3wnie\u017c zgodny z rozporz\u0105dzeniem Parlamentu Europejskiego i Rady (UE) 2016\/679 z dnia 27 kwietnia 2016 r. W sprawie ochrony os\u00f3b fizycznych (RODO).<\/p>\n<p>Nale\u017cy zauwa\u017cy\u0107, \u017ce niniejsza Polityka ochrony danych mo\u017ce si\u0119 r\u00f3\u017cni\u0107 w zale\u017cno\u015bci od wymaga\u0144 ustawodawczych lub samoregulacyjnych, dlatego u\u017cytkownicy powinni odwiedza\u0107 j\u0105 okresowo. B\u0119dzie to mia\u0142o zastosowanie w przypadku, gdy u\u017cytkownicy zdecyduj\u0105 si\u0119 wype\u0142ni\u0107 dowoln\u0105 form\u0119 dowolnego formularza kontaktowego, w kt\u00f3rym gromadzone s\u0105 dane osobowe.<\/p>\n<p><strong>Kto jest odpowiedzialny za przetwarzanie Pa\u0144stwa danych?<\/strong><\/p>\n<p>ODPOWIEDZIALNY: IMEFY S.L.<br \/>\nG\u0141\u00d3WNY CEL: Wysy\u0142anie naszych wiadomo\u015bci, a tak\u017ce powiadomie\u0144 o nowych dzia\u0142aniach, z kt\u00f3rych niekt\u00f3re mog\u0105 mie\u0107 charakter komercyjny.<br \/>\nPRAWODAWSTWO: Zgoda zainteresowanej strony.<br \/>\nODBIORCY: \u017badne dane nie b\u0119d\u0105 przekazywane stronom trzecim, chyba \u017ce na wyra\u017ane upowa\u017cnienie lub zobowi\u0105zanie prawne.<br \/>\nPRAWA: Dost\u0119p, poprawianie i usuwanie danych, przenoszenie danych, ograniczenie lub sprzeciw wobec ich przetwarzania, przejrzysto\u015b\u0107 oraz prawo do niepodlegania zautomatyzowanym decyzjom.<br \/>\nINFORMACJE DODATKOWE: Mog\u0105 si\u0119 Pa\u0144stwo zapozna\u0107 si\u0119 z dodatkowymi i szczeg\u00f3\u0142owymi informacjami na temat naszej Informacji prawnej.<\/p>\n<p><strong>W jakim celu przechowujemy Pa\u0144stwa dane osobowe?<\/strong><\/p>\n<p>W IMEFY S.L. Informacje, kt\u00f3re nam Pa\u0144stwo przekazuj\u0105 zachowujemyy w celu zarz\u0105dzania stosunkami umownymi, kt\u00f3re nas \u0142\u0105cz\u0105, zarz\u0105dzania wysy\u0142aniem \u017c\u0105danych informacji, dostarczania zainteresowanym stronom ofert naszych us\u0142ug i \/ lub produkt\u00f3w b\u0119d\u0105cych przedmiotem zainteresowania i \/ lub zarz\u0105dzania Pa\u0144stwa wnioskiem.<\/p>\n<p><strong>Ile czasu przechowujemy Pa\u0144stwa dane osobowe?<\/strong><\/p>\n<p>Pa\u0144stwa dane b\u0119d\u0105 przechowywane przez minimalny czas niezb\u0119dny do prawid\u0142owego \u015bwiadczenia oferowanej us\u0142ugi, a tak\u017ce w celu wype\u0142nienia obowi\u0105zk\u00f3w, kt\u00f3re mog\u0105 wynika\u0107 z niej i wszelkich innych wymaga\u0144 prawnych.<\/p>\n<p><strong>Czy przechowywanie Pa\u0144stwa danych jest zgodne z prawem?<\/strong><\/p>\n<p>Podstaw\u0105 prawn\u0105 przetwarzania Pa\u0144stwa danych osobowych mo\u017ce by\u0107 wykonanie potencjalnej umowy, upowa\u017cnienia prawnego i \/ lub zgody zainteresowanej strony. Informacje, o kt\u00f3re prosimy s\u0105 adekwatne i absolutnie niezb\u0119dne, ale nie ma wymogu do ich podania. Ich brak mo\u017ce wp\u0142yn\u0105\u0107 na us\u0142ug\u0119 lub niemo\u017cno\u015b\u0107 jej dostarczenia.<\/p>\n<p><strong>Do jakich odbiorc\u00f3w b\u0119d\u0105 przekazywane Pa\u0144stwa dane?<\/strong><\/p>\n<p>IMEFY S.L. nie przeka\u017ce Pa\u0144stwa danych stronom trzecim, w przypadku takiej konieczno\u015bci, zostan\u0105 Pa\u0144stwo o tym niezw\u0142ocznie poinformowani.<\/p>\n<p><strong>Jakie masz prawa, gdy przekazujesz nam swoje dane?<\/strong><\/p>\n<p>Prawa do ochrony danych, kt\u00f3rych w\u0142a\u015bcicielami s\u0105 zainteresowane strony, to:<\/p>\n<ul>\n<li>Prawo do \u017c\u0105dania dost\u0119pu do danych osobowych zwi\u0105zanych z zainteresowan\u0105 stron\u0105<\/li>\n<li>Prawo do sprostowania lub usuni\u0119cia<\/li>\n<li>Prawo do sprzeciwu<\/li>\n<li>Prawo do \u017c\u0105dania ogranicze\u0144 w przetwarzaniu<\/li>\n<li>Prawo do przenoszenia danych<\/li>\n<\/ul>\n<p>Posiadacze uzyskanych danych osobowych mog\u0105 korzysta\u0107 ze swoich praw do ich ochrony,przesy\u0142aj\u0105c pisemne zawiadomienie do siedziby IMEFY S.L. lub na adres e-mail w\u0142\u0105czony w tym celu, imefy@imefy.com, w obu przypadkach kserokopi\u0119 dowodu osobistego lub innego r\u00f3wnowa\u017cnego dokumentu to\u017csamo\u015bci.<\/p>\n<p>Wzory, formularze i wi\u0119cej informacji na temat Pa\u0144stwa praw na stronie internetowej krajowego organu kontroli, hiszpa\u0144skiej Agencji Ochrony Danych, zwanej dalej AEPD, www.agpd.es<\/p>\n<p><strong>Czy mog\u0119 wycofa\u0107 zgod\u0119?<\/strong><\/p>\n<p>Maj\u0105 Pa\u0144stwo mo\u017cliwo\u015b\u0107 i prawo do wycofania zgody z powodu jakiejkolwiek przyczyny powsta\u0142ej w tym momencie, bez wp\u0142ywu na zgodno\u015b\u0107 z prawem przechowywania danych opartego na zgodzie przed jej wycofaniem.<\/p>\n<p>Gdzie mog\u0119 z\u0142o\u017cy\u0107 wniosek, je\u015bli uwa\u017cam, \u017ce moje dane nie s\u0105 przetwarzane prawid\u0142owo?<br \/>\nJe\u017celi kt\u00f3rakolwiek zainteresowana strona uzna, \u017ce \u200b\u200bjej dane nie s\u0105 prawid\u0142owo przetwarzane przez IMEFY S.L. Mog\u0105 Pa\u0144stwo skierowa\u0107 swoje roszczenia na adres e-mail imefy@imefy.com lub odpowiedni organ ochrony danych, przy czym AEPD jest tym wskazanym na terytorium krajowym, www.agpd.es<\/p>\n<p><strong>Bezpiecze\u0144stwo i aktualizacja Pa\u0144stwa danych osobowych<\/strong><\/p>\n<p>W celu zapewnienia bezpiecze\u0144stwa danych osobowych informujemy, \u017ce IMEFY S.L. podj\u0105\u0142 wszystkie \u015brodki techniczne i organizacyjne niezb\u0119dne do zagwarantowania bezpiecze\u0144stwa przekazywanych danych osobowych. Wszystko po to, aby unikn\u0105\u0107 jego modyfikacji, utraty i \/ lub nieupowa\u017cnionego przechowywania lub dost\u0119pu, zgodnie z wymogami przepis\u00f3w. Nale\u017cy jednak pami\u0119ta\u0107, \u017ce absolutne bezpiecze\u0144stwo nie istnieje.<\/p>\n<p>Wa\u017cne jest, aby\u015bmy mogli aktualizowa\u0107 Pa\u0144stwa dane osobowe, informuj nas o ka\u017cdej ich modyfikacji.<\/p>\n<p><strong>Poufno\u015b\u0107<\/strong><\/p>\n<p>IMEFY S.L. informuje, \u017ce Pa\u0144stwa dane b\u0119d\u0105 traktowane z najwy\u017csz\u0105 gorliwo\u015bci\u0105 i poufno\u015bci\u0105 przez ca\u0142y personel zaanga\u017cowany w kt\u00f3rymkolwiek z etap\u00f3w przetwarzania. Nie b\u0119dziemy przekazywa\u0107 Pa\u0144stwa danych stronom trzecim, z wyj\u0105tkiem przypadk\u00f3w przewidzianych przez prawo lub chyba \u017ce zainteresowana strona wyra\u017anie nas upowa\u017cni.<\/p>\n<\/div><\/div><\/div><\/div><\/div>\n","protected":false},"excerpt":{"rendered":"","protected":false},"author":10,"featured_media":0,"parent":0,"menu_order":81,"comment_status":"closed","ping_status":"closed","template":"100-width.php","meta":{"footnotes":""},"class_list":["post-16809","page","type-page","status-publish","hentry"],"yoast_head":"<!-- This site is optimized with the Yoast SEO Premium plugin v27.4 (Yoast SEO v27.5) - https:\/\/yoast.com\/product\/yoast-seo-premium-wordpress\/ -->\n<title>POLITYKA OCHRONY DANYCH - IMEFY<\/title>\n<meta name=\"robots\" content=\"index, follow, max-snippet:-1, max-image-preview:large, max-video-preview:-1\" \/>\n<link rel=\"canonical\" href=\"https:\/\/imefy.com\/pl\/polityka-ochrony-danych\/\" \/>\n<meta property=\"og:locale\" content=\"pl_PL\" \/>\n<meta property=\"og:type\" content=\"article\" \/>\n<meta property=\"og:title\" content=\"POLITYKA OCHRONY DANYCH\" \/>\n<meta property=\"og:url\" content=\"https:\/\/imefy.com\/pl\/polityka-ochrony-danych\/\" \/>\n<meta property=\"og:site_name\" content=\"IMEFY\" \/>\n<meta property=\"article:publisher\" content=\"https:\/\/www.facebook.com\/pages\/Imefy-Group\/852590684780185\" \/>\n<meta property=\"article:modified_time\" content=\"2020-08-25T12:34:10+00:00\" \/>\n<meta name=\"twitter:card\" content=\"summary_large_image\" \/>\n<meta name=\"twitter:site\" content=\"@imefygroup\" \/>\n<meta name=\"twitter:label1\" content=\"Szacowany czas czytania\" \/>\n\t<meta name=\"twitter:data1\" content=\"5 minut\" \/>\n<script type=\"application\/ld+json\" class=\"yoast-schema-graph\">{\"@context\":\"https:\\\/\\\/schema.org\",\"@graph\":[{\"@type\":\"WebPage\",\"@id\":\"https:\\\/\\\/imefy.com\\\/pl\\\/polityka-ochrony-danych\\\/\",\"url\":\"https:\\\/\\\/imefy.com\\\/pl\\\/polityka-ochrony-danych\\\/\",\"name\":\"POLITYKA OCHRONY DANYCH - IMEFY\",\"isPartOf\":{\"@id\":\"\\\/#website\"},\"datePublished\":\"2019-10-10T08:52:17+00:00\",\"dateModified\":\"2020-08-25T12:34:10+00:00\",\"breadcrumb\":{\"@id\":\"https:\\\/\\\/imefy.com\\\/pl\\\/polityka-ochrony-danych\\\/#breadcrumb\"},\"inLanguage\":\"pl-PL\",\"potentialAction\":[{\"@type\":\"ReadAction\",\"target\":[\"https:\\\/\\\/imefy.com\\\/pl\\\/polityka-ochrony-danych\\\/\"]}]},{\"@type\":\"BreadcrumbList\",\"@id\":\"https:\\\/\\\/imefy.com\\\/pl\\\/polityka-ochrony-danych\\\/#breadcrumb\",\"itemListElement\":[{\"@type\":\"ListItem\",\"position\":1,\"name\":\"Portada\",\"item\":\"https:\\\/\\\/imefy.com\\\/pl\\\/\"},{\"@type\":\"ListItem\",\"position\":2,\"name\":\"POLITYKA OCHRONY DANYCH\"}]},{\"@type\":\"WebSite\",\"@id\":\"\\\/#website\",\"url\":\"\\\/\",\"name\":\"IMEFY\",\"description\":\"Fabricaci\u00f3n de transformadores de distribuci\u00f3n y potencia\",\"potentialAction\":[{\"@type\":\"SearchAction\",\"target\":{\"@type\":\"EntryPoint\",\"urlTemplate\":\"\\\/?s={search_term_string}\"},\"query-input\":{\"@type\":\"PropertyValueSpecification\",\"valueRequired\":true,\"valueName\":\"search_term_string\"}}],\"inLanguage\":\"pl-PL\"}]}<\/script>\n<!-- \/ Yoast SEO Premium plugin. -->","yoast_head_json":{"title":"POLITYKA OCHRONY DANYCH - IMEFY","robots":{"index":"index","follow":"follow","max-snippet":"max-snippet:-1","max-image-preview":"max-image-preview:large","max-video-preview":"max-video-preview:-1"},"canonical":"https:\/\/imefy.com\/pl\/polityka-ochrony-danych\/","og_locale":"pl_PL","og_type":"article","og_title":"POLITYKA OCHRONY DANYCH","og_url":"https:\/\/imefy.com\/pl\/polityka-ochrony-danych\/","og_site_name":"IMEFY","article_publisher":"https:\/\/www.facebook.com\/pages\/Imefy-Group\/852590684780185","article_modified_time":"2020-08-25T12:34:10+00:00","twitter_card":"summary_large_image","twitter_site":"@imefygroup","twitter_misc":{"Szacowany czas czytania":"5 minut"},"schema":{"@context":"https:\/\/schema.org","@graph":[{"@type":"WebPage","@id":"https:\/\/imefy.com\/pl\/polityka-ochrony-danych\/","url":"https:\/\/imefy.com\/pl\/polityka-ochrony-danych\/","name":"POLITYKA OCHRONY DANYCH - IMEFY","isPartOf":{"@id":"\/#website"},"datePublished":"2019-10-10T08:52:17+00:00","dateModified":"2020-08-25T12:34:10+00:00","breadcrumb":{"@id":"https:\/\/imefy.com\/pl\/polityka-ochrony-danych\/#breadcrumb"},"inLanguage":"pl-PL","potentialAction":[{"@type":"ReadAction","target":["https:\/\/imefy.com\/pl\/polityka-ochrony-danych\/"]}]},{"@type":"BreadcrumbList","@id":"https:\/\/imefy.com\/pl\/polityka-ochrony-danych\/#breadcrumb","itemListElement":[{"@type":"ListItem","position":1,"name":"Portada","item":"https:\/\/imefy.com\/pl\/"},{"@type":"ListItem","position":2,"name":"POLITYKA OCHRONY DANYCH"}]},{"@type":"WebSite","@id":"\/#website","url":"\/","name":"IMEFY","description":"Fabricaci\u00f3n de transformadores de distribuci\u00f3n y potencia","potentialAction":[{"@type":"SearchAction","target":{"@type":"EntryPoint","urlTemplate":"\/?s={search_term_string}"},"query-input":{"@type":"PropertyValueSpecification","valueRequired":true,"valueName":"search_term_string"}}],"inLanguage":"pl-PL"}]}},"_links":{"self":[{"href":"https:\/\/imefy.com\/pl\/wp-json\/wp\/v2\/pages\/16809","targetHints":{"allow":["GET"]}}],"collection":[{"href":"https:\/\/imefy.com\/pl\/wp-json\/wp\/v2\/pages"}],"about":[{"href":"https:\/\/imefy.com\/pl\/wp-json\/wp\/v2\/types\/page"}],"author":[{"embeddable":true,"href":"https:\/\/imefy.com\/pl\/wp-json\/wp\/v2\/users\/10"}],"replies":[{"embeddable":true,"href":"https:\/\/imefy.com\/pl\/wp-json\/wp\/v2\/comments?post=16809"}],"version-history":[{"count":0,"href":"https:\/\/imefy.com\/pl\/wp-json\/wp\/v2\/pages\/16809\/revisions"}],"wp:attachment":[{"href":"https:\/\/imefy.com\/pl\/wp-json\/wp\/v2\/media?parent=16809"}],"curies":[{"name":"wp","href":"https:\/\/api.w.org\/{rel}","templated":true}]}}